{"id":196,"date":"2023-11-01T12:41:09","date_gmt":"2023-11-01T11:41:09","guid":{"rendered":"https:\/\/boucan.info\/?page_id=196"},"modified":"2023-11-01T14:52:21","modified_gmt":"2023-11-01T13:52:21","slug":"livres-ados","status":"publish","type":"page","link":"https:\/\/boucan.info\/index.php\/ressources\/livres\/livres-ados\/","title":{"rendered":"Livres ados"},"content":{"rendered":"\n<div class=\"wp-block-group\"><div class=\"wp-block-group__inner-container is-layout-constrained wp-block-group-is-layout-constrained\"><div class=\"wp-block-themeisle-blocks-posts-grid\" id=\"wp-block-themeisle-blocks-posts-grid-1ce11d7d\"><div class=\"is-grid o-posts-grid-columns-3\"><div class=\"o-posts-grid-post-blog o-posts-grid-post-plain\"><div class=\"o-posts-grid-post\"><div class=\"o-posts-grid-post-image\"><a href=\"https:\/\/boucan.info\/index.php\/2025\/06\/11\/meuf-guide-pour-nos-filles-marie-dubois-2024\/\"><img loading=\"lazy\" decoding=\"async\" width=\"754\" height=\"1000\" src=\"https:\/\/boucan.info\/wp-content\/uploads\/2025\/06\/meuf.jpg\" class=\"attachment-full size-full\" alt=\"Meuf, guide pour nos filles (Marie Dubois, 2024)\" srcset=\"https:\/\/boucan.info\/wp-content\/uploads\/2025\/06\/meuf.jpg 754w, https:\/\/boucan.info\/wp-content\/uploads\/2025\/06\/meuf-226x300.jpg 226w\" sizes=\"(max-width: 754px) 100vw, 754px\" \/><\/a><\/div><div class=\"o-posts-grid-post-body\"><h4 class=\"o-posts-grid-post-title\"><a href=\"https:\/\/boucan.info\/index.php\/2025\/06\/11\/meuf-guide-pour-nos-filles-marie-dubois-2024\/\">Meuf, guide pour nos filles (Marie Dubois, 2024)<\/a><\/h4><div class=\"o-posts-grid-post-description\"><p>Dans cette enqu\u00eate aux allures de qu\u00eate fantastique, les jeunes aventuri\u00e8res apprennent \u00e0 mener \u00e0 bi\u2026<\/p><\/div><p class=\"o-posts-grid-post-meta\"> \/ <a href=\"https:\/\/boucan.info\/index.php\/category\/annee\/2024\/\">2024<\/a>, <a href=\"https:\/\/boucan.info\/index.php\/category\/thematique\/corps\/\">Corps<\/a>, <a href=\"https:\/\/boucan.info\/index.php\/category\/thematique\/egalite\/\">\u00e9galit\u00e9<\/a>, <a href=\"https:\/\/boucan.info\/index.php\/category\/thematique\/identite\/\">identit\u00e9<\/a>, <a href=\"https:\/\/boucan.info\/index.php\/category\/ressources\/livres\/\">Livres<\/a>, <a href=\"https:\/\/boucan.info\/index.php\/category\/ressources\/livres\/livres-adolescents\/\">Livres adolescents<\/a>, <a href=\"https:\/\/boucan.info\/index.php\/category\/ressources\/livres\/livres-adultes\/\">Livres adultes<\/a>, <a href=\"https:\/\/boucan.info\/index.php\/category\/thematique\/stereotypes\/\">st\u00e9r\u00e9otypes<\/a>, <a href=\"https:\/\/boucan.info\/index.php\/category\/thematique\/vilences\/\">Vi*lences sexistes et se*uelles<\/a><\/p><\/div><\/div><\/div><div class=\"o-posts-grid-post-blog o-posts-grid-post-plain\"><div class=\"o-posts-grid-post\"><div class=\"o-posts-grid-post-image\"><a href=\"https:\/\/boucan.info\/index.php\/2024\/10\/01\/sous-nos-yeux-iris-brey-mirion-malle-2021\/\"><img loading=\"lazy\" decoding=\"async\" width=\"280\" height=\"392\" src=\"https:\/\/boucan.info\/wp-content\/uploads\/2024\/10\/sous_nos_yeux.jpg\" class=\"attachment-full size-full\" alt=\"Sous nos yeux (Iris Brey, Mirion Malle, 2021)\" srcset=\"https:\/\/boucan.info\/wp-content\/uploads\/2024\/10\/sous_nos_yeux.jpg 280w, https:\/\/boucan.info\/wp-content\/uploads\/2024\/10\/sous_nos_yeux-214x300.jpg 214w\" sizes=\"(max-width: 280px) 100vw, 280px\" \/><\/a><\/div><div class=\"o-posts-grid-post-body\"><h4 class=\"o-posts-grid-post-title\"><a href=\"https:\/\/boucan.info\/index.php\/2024\/10\/01\/sous-nos-yeux-iris-brey-mirion-malle-2021\/\">Sous nos yeux (Iris Brey, Mirion Malle, 2021)<\/a><\/h4><div class=\"o-posts-grid-post-description\"><p>Une autrice de r\u00e9f\u00e9rence (Iris Brey), une des voix\u00a0les plus prometteuses de la BD (Mirion Malle) et\u00a0\u2026<\/p><\/div><p class=\"o-posts-grid-post-meta\"> \/ <a href=\"https:\/\/boucan.info\/index.php\/category\/annee\/2021\/\">2021<\/a>, <a href=\"https:\/\/boucan.info\/index.php\/category\/cinema\/\">cin\u00e9ma<\/a>, <a href=\"https:\/\/boucan.info\/index.php\/category\/thematique\/egalite\/\">\u00e9galit\u00e9<\/a>, <a href=\"https:\/\/boucan.info\/index.php\/category\/ressources\/livres\/\">Livres<\/a>, <a href=\"https:\/\/boucan.info\/index.php\/category\/ressources\/livres\/livres-adolescents\/\">Livres adolescents<\/a>, <a href=\"https:\/\/boucan.info\/index.php\/category\/ressources\/\">Ressources<\/a><\/p><\/div><\/div><\/div><div class=\"o-posts-grid-post-blog o-posts-grid-post-plain\"><div class=\"o-posts-grid-post\"><div class=\"o-posts-grid-post-image\"><a href=\"https:\/\/boucan.info\/index.php\/2023\/11\/03\/les-regles-quelle-aventure-elise-thiebaut-mirion-malle-2023\/\"><img loading=\"lazy\" decoding=\"async\" width=\"340\" height=\"340\" src=\"https:\/\/boucan.info\/wp-content\/uploads\/2023\/11\/Les-regles-quelle-aventure.jpg\" class=\"attachment-full size-full\" alt=\"Les r\u00e8gles&#8230; quelle aventure ! (Elise Thiebaut, Mirion Malle, 2023)\" srcset=\"https:\/\/boucan.info\/wp-content\/uploads\/2023\/11\/Les-regles-quelle-aventure.jpg 340w, https:\/\/boucan.info\/wp-content\/uploads\/2023\/11\/Les-regles-quelle-aventure-300x300.jpg 300w, https:\/\/boucan.info\/wp-content\/uploads\/2023\/11\/Les-regles-quelle-aventure-150x150.jpg 150w\" sizes=\"(max-width: 340px) 100vw, 340px\" \/><\/a><\/div><div class=\"o-posts-grid-post-body\"><h4 class=\"o-posts-grid-post-title\"><a href=\"https:\/\/boucan.info\/index.php\/2023\/11\/03\/les-regles-quelle-aventure-elise-thiebaut-mirion-malle-2023\/\">Les r\u00e8gles&#8230; quelle aventure ! (Elise Thiebaut, Mirion Malle, 2023)<\/a><\/h4><div class=\"o-posts-grid-post-description\"><p>Les r\u00e8gles ont longtemps \u00e9t\u00e9 un instrument qui a permis d&#039;opprimer les femmes et de leur donner l&#039;im\u2026<\/p><\/div><p class=\"o-posts-grid-post-meta\"> \/ <a href=\"https:\/\/boucan.info\/index.php\/category\/thematique\/corps\/\">Corps<\/a>, <a href=\"https:\/\/boucan.info\/index.php\/category\/thematique\/evras-thematique\/\">\u00c9ducation \u00e0 la vie relationnelle, affective et sexuelle<\/a>, <a href=\"https:\/\/boucan.info\/index.php\/category\/ressources\/livres\/\">Livres<\/a>, <a href=\"https:\/\/boucan.info\/index.php\/category\/ressources\/livres\/livres-adolescents\/\">Livres adolescents<\/a>, <a href=\"https:\/\/boucan.info\/index.php\/category\/ressources\/\">Ressources<\/a>, <a href=\"https:\/\/boucan.info\/index.php\/category\/thematique\/sante\/\">sant\u00e9<\/a>, <a href=\"https:\/\/boucan.info\/index.php\/category\/thematique\/sexualite\/\">sexualit\u00e9<\/a>, <a href=\"https:\/\/boucan.info\/index.php\/category\/thematique\/stereotypes\/\">st\u00e9r\u00e9otypes<\/a><\/p><\/div><\/div><\/div><div class=\"o-posts-grid-post-blog o-posts-grid-post-plain\"><div class=\"o-posts-grid-post\"><div class=\"o-posts-grid-post-image\"><a href=\"https:\/\/boucan.info\/index.php\/2023\/11\/03\/basta-marion-le-muzic-maria-kronsky-2022\/\"><img loading=\"lazy\" decoding=\"async\" width=\"340\" height=\"340\" src=\"https:\/\/boucan.info\/wp-content\/uploads\/2023\/11\/Basta.jpg\" class=\"attachment-full size-full\" alt=\"Basta (Marion Le Muzic, Maria Kronsky, 2022)\" srcset=\"https:\/\/boucan.info\/wp-content\/uploads\/2023\/11\/Basta.jpg 340w, https:\/\/boucan.info\/wp-content\/uploads\/2023\/11\/Basta-300x300.jpg 300w, https:\/\/boucan.info\/wp-content\/uploads\/2023\/11\/Basta-150x150.jpg 150w\" sizes=\"(max-width: 340px) 100vw, 340px\" \/><\/a><\/div><div class=\"o-posts-grid-post-body\"><h4 class=\"o-posts-grid-post-title\"><a href=\"https:\/\/boucan.info\/index.php\/2023\/11\/03\/basta-marion-le-muzic-maria-kronsky-2022\/\">Basta (Marion Le Muzic, Maria Kronsky, 2022)<\/a><\/h4><div class=\"o-posts-grid-post-description\"><p>L&#039;autod\u00e9fense f\u00e9ministe propose un ensemble de strat\u00e9gies face aux agressions de genre. Cette BD les\u2026<\/p><\/div><p class=\"o-posts-grid-post-meta\"> \/ <a href=\"https:\/\/boucan.info\/index.php\/category\/annee\/2022\/\">2022<\/a>, <a href=\"https:\/\/boucan.info\/index.php\/category\/thematique\/corps\/\">Corps<\/a>, <a href=\"https:\/\/boucan.info\/index.php\/category\/thematique\/egalite\/\">\u00e9galit\u00e9<\/a>, <a href=\"https:\/\/boucan.info\/index.php\/category\/thematique\/emotions\/\">Emotions<\/a>, <a href=\"https:\/\/boucan.info\/index.php\/category\/ressources\/livres\/\">Livres<\/a>, <a href=\"https:\/\/boucan.info\/index.php\/category\/ressources\/livres\/livres-adolescents\/\">Livres adolescents<\/a>, <a href=\"https:\/\/boucan.info\/index.php\/category\/thematique\/stereotypes\/\">st\u00e9r\u00e9otypes<\/a>, <a href=\"https:\/\/boucan.info\/index.php\/category\/thematique\/vilences\/\">Vi*lences sexistes et se*uelles<\/a><\/p><\/div><\/div><\/div><div class=\"o-posts-grid-post-blog o-posts-grid-post-plain\"><div class=\"o-posts-grid-post\"><div class=\"o-posts-grid-post-image\"><a href=\"https:\/\/boucan.info\/index.php\/2023\/11\/02\/non-cest-non-contre-le-harcelement-sexuel-nadia-leila-aissaoui-edith-carron-2019\/\"><img loading=\"lazy\" decoding=\"async\" width=\"400\" height=\"572\" src=\"https:\/\/boucan.info\/wp-content\/uploads\/2023\/10\/Non-c-est-non-1.jpg\" class=\"attachment-full size-full\" alt=\"Non c&rsquo;est non, contre le harc\u00e8lement sexuel (nadia Le\u00efla A\u00cfSSAOUI, Edith CARRON, 2019)\" srcset=\"https:\/\/boucan.info\/wp-content\/uploads\/2023\/10\/Non-c-est-non-1.jpg 400w, https:\/\/boucan.info\/wp-content\/uploads\/2023\/10\/Non-c-est-non-1-210x300.jpg 210w\" sizes=\"(max-width: 400px) 100vw, 400px\" \/><\/a><\/div><div class=\"o-posts-grid-post-body\"><h4 class=\"o-posts-grid-post-title\"><a href=\"https:\/\/boucan.info\/index.php\/2023\/11\/02\/non-cest-non-contre-le-harcelement-sexuel-nadia-leila-aissaoui-edith-carron-2019\/\">Non c&rsquo;est non, contre le harc\u00e8lement sexuel (nadia Le\u00efla A\u00cfSSAOUI, Edith CARRON, 2019)<\/a><\/h4><div class=\"o-posts-grid-post-description\"><p>Dictionnaire contre le harc\u00e8lement sexuel<\/p><\/div><p class=\"o-posts-grid-post-meta\"> \/ <a href=\"https:\/\/boucan.info\/index.php\/category\/thematique\/corps\/\">Corps<\/a>, <a href=\"https:\/\/boucan.info\/index.php\/category\/thematique\/egalite\/\">\u00e9galit\u00e9<\/a>, <a href=\"https:\/\/boucan.info\/index.php\/category\/thematique\/emotions\/\">Emotions<\/a>, <a href=\"https:\/\/boucan.info\/index.php\/category\/ressources\/livres\/\">Livres<\/a>, <a href=\"https:\/\/boucan.info\/index.php\/category\/ressources\/livres\/livres-adolescents\/\">Livres adolescents<\/a>, <a href=\"https:\/\/boucan.info\/index.php\/category\/ressources\/\">Ressources<\/a>, <a href=\"https:\/\/boucan.info\/index.php\/category\/thematique\/stereotypes\/\">st\u00e9r\u00e9otypes<\/a>, <a href=\"https:\/\/boucan.info\/index.php\/category\/thematique\/vilences\/\">Vi*lences sexistes et se*uelles<\/a><\/p><\/div><\/div><\/div><div class=\"o-posts-grid-post-blog o-posts-grid-post-plain\"><div class=\"o-posts-grid-post\"><div class=\"o-posts-grid-post-image\"><a href=\"https:\/\/boucan.info\/index.php\/2023\/11\/02\/buffalo-belle-olivier-douzou-2016\/\"><img loading=\"lazy\" decoding=\"async\" width=\"370\" height=\"518\" src=\"https:\/\/boucan.info\/wp-content\/uploads\/2023\/10\/buffalo-belle-2.jpg\" class=\"attachment-full size-full\" alt=\"Buffalo Belle (Olivier Douzou, 2016)\" srcset=\"https:\/\/boucan.info\/wp-content\/uploads\/2023\/10\/buffalo-belle-2.jpg 370w, https:\/\/boucan.info\/wp-content\/uploads\/2023\/10\/buffalo-belle-2-214x300.jpg 214w\" sizes=\"(max-width: 370px) 100vw, 370px\" \/><\/a><\/div><div class=\"o-posts-grid-post-body\"><h4 class=\"o-posts-grid-post-title\"><a href=\"https:\/\/boucan.info\/index.php\/2023\/11\/02\/buffalo-belle-olivier-douzou-2016\/\">Buffalo Belle (Olivier Douzou, 2016)<\/a><\/h4><div class=\"o-posts-grid-post-description\"><p>En images et en mots, Olivier Douzou nous offre un exercice de style fascinant sur les ambigu\u00eft\u00e9s du\u2026<\/p><\/div><p class=\"o-posts-grid-post-meta\"> \/ <a href=\"https:\/\/boucan.info\/index.php\/category\/thematique\/identite\/\">identit\u00e9<\/a>, <a href=\"https:\/\/boucan.info\/index.php\/category\/ressources\/livres\/livres-adolescents\/\">Livres adolescents<\/a><\/p><\/div><\/div><\/div><div class=\"o-posts-grid-post-blog o-posts-grid-post-plain\"><div class=\"o-posts-grid-post\"><div class=\"o-posts-grid-post-image\"><a href=\"https:\/\/boucan.info\/index.php\/2023\/11\/02\/grand-silence-thea-rojzman-sandrine-revel-2021\/\"><img loading=\"lazy\" decoding=\"async\" width=\"600\" height=\"817\" src=\"https:\/\/boucan.info\/wp-content\/uploads\/2023\/10\/grand-silence-2.jpeg\" class=\"attachment-full size-full\" alt=\"Grand silence (Th\u00e9a Rojzman, Sandrine Revel, 2021)\" srcset=\"https:\/\/boucan.info\/wp-content\/uploads\/2023\/10\/grand-silence-2.jpeg 600w, https:\/\/boucan.info\/wp-content\/uploads\/2023\/10\/grand-silence-2-220x300.jpeg 220w\" sizes=\"(max-width: 600px) 100vw, 600px\" \/><\/a><\/div><div class=\"o-posts-grid-post-body\"><h4 class=\"o-posts-grid-post-title\"><a href=\"https:\/\/boucan.info\/index.php\/2023\/11\/02\/grand-silence-thea-rojzman-sandrine-revel-2021\/\">Grand silence (Th\u00e9a Rojzman, Sandrine Revel, 2021)<\/a><\/h4><div class=\"o-posts-grid-post-description\"><p>Dans un conte pour adultes aussi beau que son sujet est d\u00e9licat, Th\u00e9a Rojzman et Sandrine Revel livr\u2026<\/p><\/div><p class=\"o-posts-grid-post-meta\"> \/ <a href=\"https:\/\/boucan.info\/index.php\/category\/thematique\/inceste-thematique\/\">Inceste<\/a>, <a href=\"https:\/\/boucan.info\/index.php\/category\/ressources\/livres\/\">Livres<\/a>, <a href=\"https:\/\/boucan.info\/index.php\/category\/ressources\/livres\/livres-adolescents\/\">Livres adolescents<\/a>, <a href=\"https:\/\/boucan.info\/index.php\/category\/ressources\/livres\/livres-enfants\/\">Livres enfants<\/a>, <a href=\"https:\/\/boucan.info\/index.php\/category\/ressources\/livres\/livres-enfants\/livres-violences\/\">Livres violences<\/a>, <a href=\"https:\/\/boucan.info\/index.php\/category\/thematique\/vilences\/\">Vi*lences sexistes et se*uelles<\/a><\/p><\/div><\/div><\/div><div class=\"o-posts-grid-post-blog o-posts-grid-post-plain\"><div class=\"o-posts-grid-post\"><div class=\"o-posts-grid-post-image\"><a href=\"https:\/\/boucan.info\/index.php\/2023\/11\/02\/renversante-ya-encore-du-boulot-florence-hinckel-2022\/\"><img loading=\"lazy\" decoding=\"async\" width=\"340\" height=\"516\" src=\"https:\/\/boucan.info\/wp-content\/uploads\/2023\/11\/renversante.jpg\" class=\"attachment-full size-full\" alt=\"Renversante &#8211; Y&rsquo;a encore du boulot (Florence Hinckel, Clothilde Delacroix, 2022)\" srcset=\"https:\/\/boucan.info\/wp-content\/uploads\/2023\/11\/renversante.jpg 340w, https:\/\/boucan.info\/wp-content\/uploads\/2023\/11\/renversante-198x300.jpg 198w\" sizes=\"(max-width: 340px) 100vw, 340px\" \/><\/a><\/div><div class=\"o-posts-grid-post-body\"><h4 class=\"o-posts-grid-post-title\"><a href=\"https:\/\/boucan.info\/index.php\/2023\/11\/02\/renversante-ya-encore-du-boulot-florence-hinckel-2022\/\">Renversante &#8211; Y&rsquo;a encore du boulot (Florence Hinckel, Clothilde Delacroix, 2022)<\/a><\/h4><div class=\"o-posts-grid-post-description\"><p>L\u00e9a et Tom ont grandi. Ils viennent d\u2019avoir quinze ans. Il est loin le temps o\u00f9 L\u00e9a soutenait son fr\u2026<\/p><\/div><p class=\"o-posts-grid-post-meta\"> \/ <a href=\"https:\/\/boucan.info\/index.php\/category\/annee\/2022\/\">2022<\/a>, <a href=\"https:\/\/boucan.info\/index.php\/category\/thematique\/egalite\/\">\u00e9galit\u00e9<\/a>, <a href=\"https:\/\/boucan.info\/index.php\/category\/thematique\/emotions\/\">Emotions<\/a>, <a href=\"https:\/\/boucan.info\/index.php\/category\/thematique\/feminisme\/\">F\u00e9minisme<\/a>, <a href=\"https:\/\/boucan.info\/index.php\/category\/thematique\/identite\/\">identit\u00e9<\/a>, <a href=\"https:\/\/boucan.info\/index.php\/category\/ressources\/livres\/\">Livres<\/a>, <a href=\"https:\/\/boucan.info\/index.php\/category\/ressources\/livres\/livres-adolescents\/\">Livres adolescents<\/a>, <a href=\"https:\/\/boucan.info\/index.php\/category\/ressources\/\">Ressources<\/a>, <a href=\"https:\/\/boucan.info\/index.php\/category\/thematique\/stereotypes\/\">st\u00e9r\u00e9otypes<\/a><\/p><\/div><\/div><\/div><div class=\"o-posts-grid-post-blog o-posts-grid-post-plain\"><div class=\"o-posts-grid-post\"><div class=\"o-posts-grid-post-image\"><a href=\"https:\/\/boucan.info\/index.php\/2023\/11\/02\/le-petit-illustre-de-lintimite-de-la-sexualite-de-la-contraception-des-ist-du-consentement-etc\/\"><img loading=\"lazy\" decoding=\"async\" width=\"340\" height=\"340\" src=\"https:\/\/boucan.info\/wp-content\/uploads\/2023\/11\/Le-petit-illustre-de-l-intimite-de-la-sexualite-de-la-contraception-des-IST-du-consentement-etc.jpg\" class=\"attachment-full size-full\" alt=\"Le petit illustr\u00e9 de l&rsquo;intimit\u00e9, de la sexualit\u00e9, de la contraception, des IST, du consentement, etc.\" srcset=\"https:\/\/boucan.info\/wp-content\/uploads\/2023\/11\/Le-petit-illustre-de-l-intimite-de-la-sexualite-de-la-contraception-des-IST-du-consentement-etc.jpg 340w, https:\/\/boucan.info\/wp-content\/uploads\/2023\/11\/Le-petit-illustre-de-l-intimite-de-la-sexualite-de-la-contraception-des-IST-du-consentement-etc-300x300.jpg 300w, https:\/\/boucan.info\/wp-content\/uploads\/2023\/11\/Le-petit-illustre-de-l-intimite-de-la-sexualite-de-la-contraception-des-IST-du-consentement-etc-150x150.jpg 150w\" sizes=\"(max-width: 340px) 100vw, 340px\" \/><\/a><\/div><div class=\"o-posts-grid-post-body\"><h4 class=\"o-posts-grid-post-title\"><a href=\"https:\/\/boucan.info\/index.php\/2023\/11\/02\/le-petit-illustre-de-lintimite-de-la-sexualite-de-la-contraception-des-ist-du-consentement-etc\/\">Le petit illustr\u00e9 de l&rsquo;intimit\u00e9, de la sexualit\u00e9, de la contraception, des IST, du consentement, etc.<\/a><\/h4><div class=\"o-posts-grid-post-description\"><p>Ce livre n\u2019est pas un guide des pratiques ou un kamasutra, mais un documentaire qui cherche \u00e0 nourri\u2026<\/p><\/div><p class=\"o-posts-grid-post-meta\"> \/ <a href=\"https:\/\/boucan.info\/index.php\/category\/annee\/2023\/\">2023<\/a>, <a href=\"https:\/\/boucan.info\/index.php\/category\/thematique\/avortement\/\">Avortement<\/a>, <a href=\"https:\/\/boucan.info\/index.php\/category\/thematique\/corps\/\">Corps<\/a>, <a href=\"https:\/\/boucan.info\/index.php\/category\/thematique\/evras-thematique\/\">\u00c9ducation \u00e0 la vie relationnelle, affective et sexuelle<\/a>, <a href=\"https:\/\/boucan.info\/index.php\/category\/thematique\/egalite\/\">\u00e9galit\u00e9<\/a>, <a href=\"https:\/\/boucan.info\/index.php\/category\/thematique\/emotions\/\">Emotions<\/a>, <a href=\"https:\/\/boucan.info\/index.php\/category\/thematique\/identite\/\">identit\u00e9<\/a>, <a href=\"https:\/\/boucan.info\/index.php\/category\/ressources\/livres\/\">Livres<\/a>, <a href=\"https:\/\/boucan.info\/index.php\/category\/ressources\/livres\/livres-adolescents\/\">Livres adolescents<\/a>, <a href=\"https:\/\/boucan.info\/index.php\/category\/thematique\/sante\/\">sant\u00e9<\/a>, <a href=\"https:\/\/boucan.info\/index.php\/category\/thematique\/sexualite\/\">sexualit\u00e9<\/a><\/p><\/div><\/div><\/div><div class=\"o-posts-grid-post-blog o-posts-grid-post-plain\"><div class=\"o-posts-grid-post\"><div class=\"o-posts-grid-post-image\"><a href=\"https:\/\/boucan.info\/index.php\/2023\/11\/01\/la-ligue-des-supers-feministes-mirion-malle-2019\/\"><img loading=\"lazy\" decoding=\"async\" width=\"280\" height=\"384\" src=\"https:\/\/boucan.info\/wp-content\/uploads\/2024\/10\/la_ligue_des_supers_feministes.jpg\" class=\"attachment-full size-full\" alt=\"La ligue des supers f\u00e9ministes (Mirion Malle, 2019)\" srcset=\"https:\/\/boucan.info\/wp-content\/uploads\/2024\/10\/la_ligue_des_supers_feministes.jpg 280w, https:\/\/boucan.info\/wp-content\/uploads\/2024\/10\/la_ligue_des_supers_feministes-219x300.jpg 219w\" sizes=\"(max-width: 280px) 100vw, 280px\" \/><\/a><\/div><div class=\"o-posts-grid-post-body\"><h4 class=\"o-posts-grid-post-title\"><a href=\"https:\/\/boucan.info\/index.php\/2023\/11\/01\/la-ligue-des-supers-feministes-mirion-malle-2019\/\">La ligue des supers f\u00e9ministes (Mirion Malle, 2019)<\/a><\/h4><div class=\"o-posts-grid-post-description\"><p>La Ligue des super-f\u00e9ministes est une super-boite \u00e0 outils f\u00e9ministes. Elle s&#039;adresse aux enfants d\u00e8\u2026<\/p><\/div><p class=\"o-posts-grid-post-meta\"> \/ <a href=\"https:\/\/boucan.info\/index.php\/category\/annee\/2019\/\">2019<\/a>, <a href=\"https:\/\/boucan.info\/index.php\/category\/thematique\/corps\/\">Corps<\/a>, <a href=\"https:\/\/boucan.info\/index.php\/category\/thematique\/egalite\/\">\u00e9galit\u00e9<\/a>, <a href=\"https:\/\/boucan.info\/index.php\/category\/thematique\/feminisme\/\">F\u00e9minisme<\/a>, <a href=\"https:\/\/boucan.info\/index.php\/category\/ressources\/livres\/\">Livres<\/a>, <a href=\"https:\/\/boucan.info\/index.php\/category\/ressources\/livres\/livres-adolescents\/\">Livres adolescents<\/a>, <a href=\"https:\/\/boucan.info\/index.php\/category\/ressources\/livres\/livres-enfants\/livres-corps\/\">Livres corps<\/a>, <a href=\"https:\/\/boucan.info\/index.php\/category\/ressources\/livres\/livres-enfants\/livres-emotions\/\">Livres \u00e9motions<\/a>, <a href=\"https:\/\/boucan.info\/index.php\/category\/ressources\/livres\/livres-enfants\/\">Livres enfants<\/a>, <a href=\"https:\/\/boucan.info\/index.php\/category\/ressources\/livres\/livres-enfants\/livres-stereotypes\/\">Livres st\u00e9r\u00e9otypes<\/a>, <a href=\"https:\/\/boucan.info\/index.php\/category\/thematique\/stereotypes\/\">st\u00e9r\u00e9otypes<\/a><\/p><\/div><\/div><\/div><div class=\"o-posts-grid-post-blog o-posts-grid-post-plain\"><div class=\"o-posts-grid-post\"><div class=\"o-posts-grid-post-image\"><a href=\"https:\/\/boucan.info\/index.php\/2023\/11\/01\/tout-nu-dictionnaire-bienveillant-de-la-sexualite-myriam-daguzan-bernier-cecile-gariepy-2019\/\"><img loading=\"lazy\" decoding=\"async\" width=\"1140\" height=\"1600\" src=\"https:\/\/boucan.info\/wp-content\/uploads\/2023\/10\/tout-nu-2.jpg\" class=\"attachment-full size-full\" alt=\"Tout nu ! Dictionnaire bienveillant de la sexualit\u00e9 (Myriam Daguzan Bernier, C\u00e9cile Gari\u00e9py, 2019)\" srcset=\"https:\/\/boucan.info\/wp-content\/uploads\/2023\/10\/tout-nu-2.jpg 1140w, https:\/\/boucan.info\/wp-content\/uploads\/2023\/10\/tout-nu-2-214x300.jpg 214w, https:\/\/boucan.info\/wp-content\/uploads\/2023\/10\/tout-nu-2-730x1024.jpg 730w, https:\/\/boucan.info\/wp-content\/uploads\/2023\/10\/tout-nu-2-768x1078.jpg 768w, https:\/\/boucan.info\/wp-content\/uploads\/2023\/10\/tout-nu-2-1094x1536.jpg 1094w\" sizes=\"(max-width: 1140px) 100vw, 1140px\" \/><\/a><\/div><div class=\"o-posts-grid-post-body\"><h4 class=\"o-posts-grid-post-title\"><a href=\"https:\/\/boucan.info\/index.php\/2023\/11\/01\/tout-nu-dictionnaire-bienveillant-de-la-sexualite-myriam-daguzan-bernier-cecile-gariepy-2019\/\">Tout nu ! Dictionnaire bienveillant de la sexualit\u00e9 (Myriam Daguzan Bernier, C\u00e9cile Gari\u00e9py, 2019)<\/a><\/h4><div class=\"o-posts-grid-post-description\"><p>De A jusqu\u2019\u00e0 Z, Tout nu ! Le Dictionnaire bienveillant de la sexualit\u00e9 aborde les th\u00e8mes li\u00e9s \u00e0 la d\u2026<\/p><\/div><p class=\"o-posts-grid-post-meta\"> \/ <a href=\"https:\/\/boucan.info\/index.php\/category\/thematique\/corps\/\">Corps<\/a>, <a href=\"https:\/\/boucan.info\/index.php\/category\/thematique\/emotions\/\">Emotions<\/a>, <a href=\"https:\/\/boucan.info\/index.php\/category\/thematique\/identite\/\">identit\u00e9<\/a>, <a href=\"https:\/\/boucan.info\/index.php\/category\/ressources\/livres\/\">Livres<\/a>, <a href=\"https:\/\/boucan.info\/index.php\/category\/ressources\/livres\/livres-adolescents\/\">Livres adolescents<\/a>, <a href=\"https:\/\/boucan.info\/index.php\/category\/thematique\/sante\/\">sant\u00e9<\/a>, <a href=\"https:\/\/boucan.info\/index.php\/category\/thematique\/sexualite\/\">sexualit\u00e9<\/a>, <a href=\"https:\/\/boucan.info\/index.php\/category\/thematique\/stereotypes\/\">st\u00e9r\u00e9otypes<\/a><\/p><\/div><\/div><\/div><div class=\"o-posts-grid-post-blog o-posts-grid-post-plain\"><div class=\"o-posts-grid-post\"><div class=\"o-posts-grid-post-image\"><a href=\"https:\/\/boucan.info\/index.php\/2023\/11\/01\/polly-fabrice-melquiot-isabelle-pralong-2021\/\"><img loading=\"lazy\" decoding=\"async\" width=\"186\" height=\"271\" src=\"https:\/\/boucan.info\/wp-content\/uploads\/2023\/10\/polly-1.jpg\" class=\"attachment-full size-full\" alt=\"Polly (Fabrice Melquiot\/Isabelle Pralong, 2021)\" \/><\/a><\/div><div class=\"o-posts-grid-post-body\"><h4 class=\"o-posts-grid-post-title\"><a href=\"https:\/\/boucan.info\/index.php\/2023\/11\/01\/polly-fabrice-melquiot-isabelle-pralong-2021\/\">Polly (Fabrice Melquiot\/Isabelle Pralong, 2021)<\/a><\/h4><div class=\"o-posts-grid-post-description\"><p>Un roman graphique unique, sur une th\u00e9matique encore trop peu abord\u00e9e en litt\u00e9rature : l&#039;intersexuat\u2026<\/p><\/div><p class=\"o-posts-grid-post-meta\"> \/ <a href=\"https:\/\/boucan.info\/index.php\/category\/thematique\/corps\/\">Corps<\/a>, <a href=\"https:\/\/boucan.info\/index.php\/category\/thematique\/identite\/\">identit\u00e9<\/a>, <a href=\"https:\/\/boucan.info\/index.php\/category\/thematique\/intersexuation\/\">intersexuation<\/a>, <a href=\"https:\/\/boucan.info\/index.php\/category\/ressources\/livres\/\">Livres<\/a>, <a href=\"https:\/\/boucan.info\/index.php\/category\/ressources\/livres\/livres-adolescents\/\">Livres adolescents<\/a>, <a href=\"https:\/\/boucan.info\/index.php\/category\/ressources\/livres\/livres-adultes\/\">Livres adultes<\/a>, <a href=\"https:\/\/boucan.info\/index.php\/category\/ressources\/\">Ressources<\/a><\/p><\/div><\/div><\/div><div class=\"o-posts-grid-post-blog o-posts-grid-post-plain\"><div class=\"o-posts-grid-post\"><div class=\"o-posts-grid-post-image\"><a href=\"https:\/\/boucan.info\/index.php\/2023\/11\/01\/culottees-des-femmes-qui-ne-font-que-ce-quelles-veulent-penelope-bagieu-2016\/\"><img loading=\"lazy\" decoding=\"async\" width=\"1900\" height=\"2560\" src=\"https:\/\/boucan.info\/wp-content\/uploads\/2023\/10\/culottees-scaled.jpg\" class=\"attachment-full size-full\" alt=\"Culott\u00e9es, des femmes qui ne font que ce qu&rsquo;elles veulent (P\u00e9n\u00e9lope Bagieu, 2016)\" srcset=\"https:\/\/boucan.info\/wp-content\/uploads\/2023\/10\/culottees-scaled.jpg 1900w, https:\/\/boucan.info\/wp-content\/uploads\/2023\/10\/culottees-223x300.jpg 223w, https:\/\/boucan.info\/wp-content\/uploads\/2023\/10\/culottees-760x1024.jpg 760w, https:\/\/boucan.info\/wp-content\/uploads\/2023\/10\/culottees-768x1035.jpg 768w, https:\/\/boucan.info\/wp-content\/uploads\/2023\/10\/culottees-1140x1536.jpg 1140w, https:\/\/boucan.info\/wp-content\/uploads\/2023\/10\/culottees-1520x2048.jpg 1520w\" sizes=\"(max-width: 1900px) 100vw, 1900px\" \/><\/a><\/div><div class=\"o-posts-grid-post-body\"><h4 class=\"o-posts-grid-post-title\"><a href=\"https:\/\/boucan.info\/index.php\/2023\/11\/01\/culottees-des-femmes-qui-ne-font-que-ce-quelles-veulent-penelope-bagieu-2016\/\">Culott\u00e9es, des femmes qui ne font que ce qu&rsquo;elles veulent (P\u00e9n\u00e9lope Bagieu, 2016)<\/a><\/h4><div class=\"o-posts-grid-post-description\"><p>Quinze portraits de femmes qui ont invent\u00e9 leur destin<\/p><\/div><p class=\"o-posts-grid-post-meta\"> \/ <a href=\"https:\/\/boucan.info\/index.php\/category\/thematique\/egalite\/\">\u00e9galit\u00e9<\/a>, <a href=\"https:\/\/boucan.info\/index.php\/category\/thematique\/feminisme\/\">F\u00e9minisme<\/a>, <a href=\"https:\/\/boucan.info\/index.php\/category\/ressources\/livres\/\">Livres<\/a>, <a href=\"https:\/\/boucan.info\/index.php\/category\/ressources\/livres\/livres-adolescents\/\">Livres adolescents<\/a>, <a href=\"https:\/\/boucan.info\/index.php\/category\/ressources\/livres\/livres-adultes\/\">Livres adultes<\/a>, <a href=\"https:\/\/boucan.info\/index.php\/category\/ressources\/\">Ressources<\/a>, <a href=\"https:\/\/boucan.info\/index.php\/category\/thematique\/stereotypes\/\">st\u00e9r\u00e9otypes<\/a><\/p><\/div><\/div><\/div><div class=\"o-posts-grid-post-blog o-posts-grid-post-plain\"><div class=\"o-posts-grid-post\"><div class=\"o-posts-grid-post-image\"><a href=\"https:\/\/boucan.info\/index.php\/2023\/11\/01\/ceci-est-mon-coeur-collectif-2021\/\"><img loading=\"lazy\" decoding=\"async\" width=\"170\" height=\"297\" src=\"https:\/\/boucan.info\/wp-content\/uploads\/2023\/10\/ceci-est-mon-corps-1.jpg\" class=\"attachment-full size-full\" alt=\"Ceci est mon c\u0153ur (collectif, 2021)\" \/><\/a><\/div><div class=\"o-posts-grid-post-body\"><h4 class=\"o-posts-grid-post-title\"><a href=\"https:\/\/boucan.info\/index.php\/2023\/11\/01\/ceci-est-mon-coeur-collectif-2021\/\">Ceci est mon c\u0153ur (collectif, 2021)<\/a><\/h4><div class=\"o-posts-grid-post-description\"><p>6 autrices, 6 plumes pour six histoires d\u2019amours, rassembl\u00e9es par Causette et Rageot.\n\nUn livre pour\u2026<\/p><\/div><p class=\"o-posts-grid-post-meta\"> \/ <a href=\"https:\/\/boucan.info\/index.php\/category\/thematique\/corps\/\">Corps<\/a>, <a href=\"https:\/\/boucan.info\/index.php\/category\/thematique\/emotions\/\">Emotions<\/a>, <a href=\"https:\/\/boucan.info\/index.php\/category\/ressources\/livres\/\">Livres<\/a>, <a href=\"https:\/\/boucan.info\/index.php\/category\/ressources\/livres\/livres-adolescents\/\">Livres adolescents<\/a>, <a href=\"https:\/\/boucan.info\/index.php\/category\/ressources\/\">Ressources<\/a><\/p><\/div><\/div><\/div><div class=\"o-posts-grid-post-blog o-posts-grid-post-plain\"><div class=\"o-posts-grid-post\"><div class=\"o-posts-grid-post-image\"><a href=\"https:\/\/boucan.info\/index.php\/2023\/11\/01\/sea-sexisme-and-sun-marine-spaak-2019\/\"><img loading=\"lazy\" decoding=\"async\" width=\"264\" height=\"340\" src=\"https:\/\/boucan.info\/wp-content\/uploads\/2023\/10\/Sea-sexisme-and-sun-1.jpg\" class=\"attachment-full size-full\" alt=\"Sea, sexisme and sun (Marine Spaak, 2019)\" srcset=\"https:\/\/boucan.info\/wp-content\/uploads\/2023\/10\/Sea-sexisme-and-sun-1.jpg 264w, https:\/\/boucan.info\/wp-content\/uploads\/2023\/10\/Sea-sexisme-and-sun-1-233x300.jpg 233w\" sizes=\"(max-width: 264px) 100vw, 264px\" \/><\/a><\/div><div class=\"o-posts-grid-post-body\"><h4 class=\"o-posts-grid-post-title\"><a href=\"https:\/\/boucan.info\/index.php\/2023\/11\/01\/sea-sexisme-and-sun-marine-spaak-2019\/\">Sea, sexisme and sun (Marine Spaak, 2019)<\/a><\/h4><div class=\"o-posts-grid-post-description\"><p>Un roman graphique qui d\u00e9crypte les situations sexistes que vivent toutes les femmes au quotidien<\/p><\/div><p class=\"o-posts-grid-post-meta\"> \/ <a href=\"https:\/\/boucan.info\/index.php\/category\/thematique\/corps\/\">Corps<\/a>, <a href=\"https:\/\/boucan.info\/index.php\/category\/thematique\/egalite\/\">\u00e9galit\u00e9<\/a>, <a href=\"https:\/\/boucan.info\/index.php\/category\/thematique\/emotions\/\">Emotions<\/a>, <a href=\"https:\/\/boucan.info\/index.php\/category\/thematique\/feminisme\/\">F\u00e9minisme<\/a>, <a href=\"https:\/\/boucan.info\/index.php\/category\/ressources\/livres\/\">Livres<\/a>, <a href=\"https:\/\/boucan.info\/index.php\/category\/ressources\/livres\/livres-adolescents\/\">Livres adolescents<\/a>, <a href=\"https:\/\/boucan.info\/index.php\/category\/ressources\/livres\/livres-adultes\/\">Livres adultes<\/a>, <a href=\"https:\/\/boucan.info\/index.php\/category\/ressources\/\">Ressources<\/a>, <a href=\"https:\/\/boucan.info\/index.php\/category\/thematique\/stereotypes\/\">st\u00e9r\u00e9otypes<\/a>, <a href=\"https:\/\/boucan.info\/index.php\/category\/thematique\/vilences\/\">Vi*lences sexistes et se*uelles<\/a><\/p><\/div><\/div><\/div><div class=\"o-posts-grid-post-blog o-posts-grid-post-plain\"><div class=\"o-posts-grid-post\"><div class=\"o-posts-grid-post-image\"><a href=\"https:\/\/boucan.info\/index.php\/2023\/11\/01\/queer-et-fieres-rowan-ellis-jacky-sheridan-2023\/\"><img loading=\"lazy\" decoding=\"async\" width=\"1299\" height=\"1988\" src=\"https:\/\/boucan.info\/wp-content\/uploads\/2023\/10\/queer-et-fieres-1.jpg\" class=\"attachment-full size-full\" alt=\"Queer et Fi\u00e8res (Rowan Ellis, Jacky Sheridan, 2023)\" srcset=\"https:\/\/boucan.info\/wp-content\/uploads\/2023\/10\/queer-et-fieres-1.jpg 1299w, https:\/\/boucan.info\/wp-content\/uploads\/2023\/10\/queer-et-fieres-1-196x300.jpg 196w, https:\/\/boucan.info\/wp-content\/uploads\/2023\/10\/queer-et-fieres-1-669x1024.jpg 669w, https:\/\/boucan.info\/wp-content\/uploads\/2023\/10\/queer-et-fieres-1-768x1175.jpg 768w, https:\/\/boucan.info\/wp-content\/uploads\/2023\/10\/queer-et-fieres-1-1004x1536.jpg 1004w\" sizes=\"(max-width: 1299px) 100vw, 1299px\" \/><\/a><\/div><div class=\"o-posts-grid-post-body\"><h4 class=\"o-posts-grid-post-title\"><a href=\"https:\/\/boucan.info\/index.php\/2023\/11\/01\/queer-et-fieres-rowan-ellis-jacky-sheridan-2023\/\">Queer et Fi\u00e8res (Rowan Ellis, Jacky Sheridan, 2023)<\/a><\/h4><div class=\"o-posts-grid-post-description\"><p>Un guide essentiel et sans tabous pour toustes les jeunes qui se posent des questions sur leur ident\u2026<\/p><\/div><p class=\"o-posts-grid-post-meta\"> \/ <a href=\"https:\/\/boucan.info\/index.php\/category\/thematique\/corps\/\">Corps<\/a>, <a href=\"https:\/\/boucan.info\/index.php\/category\/thematique\/egalite\/\">\u00e9galit\u00e9<\/a>, <a href=\"https:\/\/boucan.info\/index.php\/category\/thematique\/emotions\/\">Emotions<\/a>, <a href=\"https:\/\/boucan.info\/index.php\/category\/thematique\/identite\/\">identit\u00e9<\/a>, <a href=\"https:\/\/boucan.info\/index.php\/category\/ressources\/livres\/\">Livres<\/a>, <a href=\"https:\/\/boucan.info\/index.php\/category\/ressources\/livres\/livres-adolescents\/\">Livres adolescents<\/a>, <a href=\"https:\/\/boucan.info\/index.php\/category\/ressources\/\">Ressources<\/a>, <a href=\"https:\/\/boucan.info\/index.php\/category\/thematique\/sexualite\/\">sexualit\u00e9<\/a>, <a href=\"https:\/\/boucan.info\/index.php\/category\/thematique\/stereotypes\/\">st\u00e9r\u00e9otypes<\/a>, <a href=\"https:\/\/boucan.info\/index.php\/category\/thematique\/vilences\/\">Vi*lences sexistes et se*uelles<\/a><\/p><\/div><\/div><\/div><div class=\"o-posts-grid-post-blog o-posts-grid-post-plain\"><div class=\"o-posts-grid-post\"><div class=\"o-posts-grid-post-image\"><a href=\"https:\/\/boucan.info\/index.php\/2023\/11\/01\/pourquoi-y-a-t-il-des-inegalites-entre-les-hommes-et-les-femmes-dorothee-werner-soledad-bravi-2018\/\"><img loading=\"lazy\" decoding=\"async\" width=\"400\" height=\"558\" src=\"https:\/\/boucan.info\/wp-content\/uploads\/2023\/10\/pourquoi-y-a-t-il-des-inegalites-entre-les-hommes-et-les-femmes-1.jpg\" class=\"attachment-full size-full\" alt=\"Pourquoi y a t-il des in\u00e9galit\u00e9s entre les hommes et les femmes ? (Doroth\u00e9e Werner, Soledad Bravi, 2018)\" srcset=\"https:\/\/boucan.info\/wp-content\/uploads\/2023\/10\/pourquoi-y-a-t-il-des-inegalites-entre-les-hommes-et-les-femmes-1.jpg 400w, https:\/\/boucan.info\/wp-content\/uploads\/2023\/10\/pourquoi-y-a-t-il-des-inegalites-entre-les-hommes-et-les-femmes-1-215x300.jpg 215w\" sizes=\"(max-width: 400px) 100vw, 400px\" \/><\/a><\/div><div class=\"o-posts-grid-post-body\"><h4 class=\"o-posts-grid-post-title\"><a href=\"https:\/\/boucan.info\/index.php\/2023\/11\/01\/pourquoi-y-a-t-il-des-inegalites-entre-les-hommes-et-les-femmes-dorothee-werner-soledad-bravi-2018\/\">Pourquoi y a t-il des in\u00e9galit\u00e9s entre les hommes et les femmes ? (Doroth\u00e9e Werner, Soledad Bravi, 2018)<\/a><\/h4><div class=\"o-posts-grid-post-description\"><p>\u00c9volution des droits de la femme, de la Pr\u00e9histoire \u00e0 nos jours<\/p><\/div><p class=\"o-posts-grid-post-meta\"> \/ <a href=\"https:\/\/boucan.info\/index.php\/category\/thematique\/egalite\/\">\u00e9galit\u00e9<\/a>, <a href=\"https:\/\/boucan.info\/index.php\/category\/thematique\/feminisme\/\">F\u00e9minisme<\/a>, <a href=\"https:\/\/boucan.info\/index.php\/category\/ressources\/livres\/livres-adolescents\/\">Livres adolescents<\/a>, <a href=\"https:\/\/boucan.info\/index.php\/category\/ressources\/\">Ressources<\/a>, <a href=\"https:\/\/boucan.info\/index.php\/category\/thematique\/stereotypes\/\">st\u00e9r\u00e9otypes<\/a>, <a href=\"https:\/\/boucan.info\/index.php\/category\/thematique\/vilences\/\">Vi*lences sexistes et se*uelles<\/a><\/p><\/div><\/div><\/div><div class=\"o-posts-grid-post-blog o-posts-grid-post-plain\"><div class=\"o-posts-grid-post\"><div class=\"o-posts-grid-post-image\"><a href=\"https:\/\/boucan.info\/index.php\/2023\/11\/01\/le-consentement-on-en-parle-justin-hancock-fuchsia-macaree-2022\/\"><img loading=\"lazy\" decoding=\"async\" width=\"1299\" height=\"1958\" src=\"https:\/\/boucan.info\/wp-content\/uploads\/2023\/10\/le-consentement-2.jpg\" class=\"attachment-full size-full\" alt=\"Le consentement, on en parle ? (Justin Hancock, Fuchsia MacAree, 2022)\" srcset=\"https:\/\/boucan.info\/wp-content\/uploads\/2023\/10\/le-consentement-2.jpg 1299w, https:\/\/boucan.info\/wp-content\/uploads\/2023\/10\/le-consentement-2-199x300.jpg 199w, https:\/\/boucan.info\/wp-content\/uploads\/2023\/10\/le-consentement-2-679x1024.jpg 679w, https:\/\/boucan.info\/wp-content\/uploads\/2023\/10\/le-consentement-2-768x1158.jpg 768w, https:\/\/boucan.info\/wp-content\/uploads\/2023\/10\/le-consentement-2-1019x1536.jpg 1019w\" sizes=\"(max-width: 1299px) 100vw, 1299px\" \/><\/a><\/div><div class=\"o-posts-grid-post-body\"><h4 class=\"o-posts-grid-post-title\"><a href=\"https:\/\/boucan.info\/index.php\/2023\/11\/01\/le-consentement-on-en-parle-justin-hancock-fuchsia-macaree-2022\/\">Le consentement, on en parle ? (Justin Hancock, Fuchsia MacAree, 2022)<\/a><\/h4><div class=\"o-posts-grid-post-description\"><p>Un guide pour tout comprendre sur le consentement et faire des choix au quotidien sans nuire \u00e0 autru\u2026<\/p><\/div><p class=\"o-posts-grid-post-meta\"> \/ <a href=\"https:\/\/boucan.info\/index.php\/category\/thematique\/corps\/\">Corps<\/a>, <a href=\"https:\/\/boucan.info\/index.php\/category\/thematique\/egalite\/\">\u00e9galit\u00e9<\/a>, <a href=\"https:\/\/boucan.info\/index.php\/category\/thematique\/emotions\/\">Emotions<\/a>, <a href=\"https:\/\/boucan.info\/index.php\/category\/ressources\/livres\/\">Livres<\/a>, <a href=\"https:\/\/boucan.info\/index.php\/category\/ressources\/livres\/livres-adolescents\/\">Livres adolescents<\/a>, <a href=\"https:\/\/boucan.info\/index.php\/category\/thematique\/sexualite\/\">sexualit\u00e9<\/a>, <a href=\"https:\/\/boucan.info\/index.php\/category\/thematique\/stereotypes\/\">st\u00e9r\u00e9otypes<\/a>, <a href=\"https:\/\/boucan.info\/index.php\/category\/thematique\/vilences\/\">Vi*lences sexistes et se*uelles<\/a><\/p><\/div><\/div><\/div><div class=\"o-posts-grid-post-blog o-posts-grid-post-plain\"><div class=\"o-posts-grid-post\"><div class=\"o-posts-grid-post-image\"><a href=\"https:\/\/boucan.info\/index.php\/2023\/11\/01\/la-parite-filles-et-garcons-carina-louart-eva-coste-2020\/\"><img loading=\"lazy\" decoding=\"async\" width=\"842\" height=\"1148\" src=\"https:\/\/boucan.info\/wp-content\/uploads\/2023\/10\/la-parite-filles-et-garcons-1.jpg\" class=\"attachment-full size-full\" alt=\"La parit\u00e9, filles et gar\u00e7ons (Carina Louart, Eva Coste, 2020)\" srcset=\"https:\/\/boucan.info\/wp-content\/uploads\/2023\/10\/la-parite-filles-et-garcons-1.jpg 842w, https:\/\/boucan.info\/wp-content\/uploads\/2023\/10\/la-parite-filles-et-garcons-1-220x300.jpg 220w, https:\/\/boucan.info\/wp-content\/uploads\/2023\/10\/la-parite-filles-et-garcons-1-751x1024.jpg 751w, https:\/\/boucan.info\/wp-content\/uploads\/2023\/10\/la-parite-filles-et-garcons-1-768x1047.jpg 768w\" sizes=\"(max-width: 842px) 100vw, 842px\" \/><\/a><\/div><div class=\"o-posts-grid-post-body\"><h4 class=\"o-posts-grid-post-title\"><a href=\"https:\/\/boucan.info\/index.php\/2023\/11\/01\/la-parite-filles-et-garcons-carina-louart-eva-coste-2020\/\">La parit\u00e9, filles et gar\u00e7ons (Carina Louart, Eva Coste, 2020)<\/a><\/h4><div class=\"o-posts-grid-post-description\"><p>L&rsquo;humanit\u00e9 est compos\u00e9e d&rsquo;hommes et de femmes qui assurent ensemble la reproduction de l\u2026<\/p><\/div><p class=\"o-posts-grid-post-meta\"> \/ <a href=\"https:\/\/boucan.info\/index.php\/category\/thematique\/egalite\/\">\u00e9galit\u00e9<\/a>, <a href=\"https:\/\/boucan.info\/index.php\/category\/ressources\/livres\/\">Livres<\/a>, <a href=\"https:\/\/boucan.info\/index.php\/category\/ressources\/livres\/livres-adolescents\/\">Livres adolescents<\/a>, <a href=\"https:\/\/boucan.info\/index.php\/category\/ressources\/\">Ressources<\/a>, <a href=\"https:\/\/boucan.info\/index.php\/category\/thematique\/stereotypes\/\">st\u00e9r\u00e9otypes<\/a><\/p><\/div><\/div><\/div><div class=\"o-posts-grid-post-blog o-posts-grid-post-plain\"><div class=\"o-posts-grid-post\"><div class=\"o-posts-grid-post-image\"><a href=\"https:\/\/boucan.info\/index.php\/2023\/11\/01\/cest-ta-vie-thierry-lenain-benoit-morel-2015\/\"><img loading=\"lazy\" decoding=\"async\" width=\"400\" height=\"519\" src=\"https:\/\/boucan.info\/wp-content\/uploads\/2023\/10\/C-est-ta-vie-2.jpg\" class=\"attachment-full size-full\" alt=\"C&rsquo;est ta vie (Thierry Lenain, Benoit Morel, 2015)\" srcset=\"https:\/\/boucan.info\/wp-content\/uploads\/2023\/10\/C-est-ta-vie-2.jpg 400w, https:\/\/boucan.info\/wp-content\/uploads\/2023\/10\/C-est-ta-vie-2-231x300.jpg 231w\" sizes=\"(max-width: 400px) 100vw, 400px\" \/><\/a><\/div><div class=\"o-posts-grid-post-body\"><h4 class=\"o-posts-grid-post-title\"><a href=\"https:\/\/boucan.info\/index.php\/2023\/11\/01\/cest-ta-vie-thierry-lenain-benoit-morel-2015\/\">C&rsquo;est ta vie (Thierry Lenain, Benoit Morel, 2015)<\/a><\/h4><div class=\"o-posts-grid-post-description\"><p>L&#039;encyclop\u00e9die qui parle d&#039;amiti\u00e9, d&#039;amour et de sexe aux enfants &quot;Voil\u00e0. Que tu sois fille ou gar\u00e7o\u2026<\/p><\/div><p class=\"o-posts-grid-post-meta\"> \/ <a href=\"https:\/\/boucan.info\/index.php\/category\/thematique\/corps\/\">Corps<\/a>, <a href=\"https:\/\/boucan.info\/index.php\/category\/thematique\/emotions\/\">Emotions<\/a>, <a href=\"https:\/\/boucan.info\/index.php\/category\/ressources\/livres\/\">Livres<\/a>, <a href=\"https:\/\/boucan.info\/index.php\/category\/ressources\/livres\/livres-adolescents\/\">Livres adolescents<\/a>, <a href=\"https:\/\/boucan.info\/index.php\/category\/thematique\/sexualite\/\">sexualit\u00e9<\/a><\/p><\/div><\/div><\/div><div class=\"o-posts-grid-post-blog o-posts-grid-post-plain\"><div class=\"o-posts-grid-post\"><div class=\"o-posts-grid-post-image\"><a href=\"https:\/\/boucan.info\/index.php\/2023\/11\/01\/ceci-est-mon-corps-collectif-2020\/\"><img loading=\"lazy\" decoding=\"async\" width=\"195\" height=\"340\" src=\"https:\/\/boucan.info\/wp-content\/uploads\/2023\/10\/Ceci-est-mon-corps-2.jpg\" class=\"attachment-full size-full\" alt=\"Ceci est mon corps (collectif, 2020)\" srcset=\"https:\/\/boucan.info\/wp-content\/uploads\/2023\/10\/Ceci-est-mon-corps-2.jpg 195w, https:\/\/boucan.info\/wp-content\/uploads\/2023\/10\/Ceci-est-mon-corps-2-172x300.jpg 172w\" sizes=\"(max-width: 195px) 100vw, 195px\" \/><\/a><\/div><div class=\"o-posts-grid-post-body\"><h4 class=\"o-posts-grid-post-title\"><a href=\"https:\/\/boucan.info\/index.php\/2023\/11\/01\/ceci-est-mon-corps-collectif-2020\/\">Ceci est mon corps (collectif, 2020)<\/a><\/h4><div class=\"o-posts-grid-post-description\"><p>6 autrices, 6 parties du corps, rassembl\u00e9es par Causette et Rageot.\n\nCeci est mon corps  : puissant \u2026<\/p><\/div><p class=\"o-posts-grid-post-meta\"> \/ <a href=\"https:\/\/boucan.info\/index.php\/category\/thematique\/corps\/\">Corps<\/a>, <a href=\"https:\/\/boucan.info\/index.php\/category\/ressources\/livres\/\">Livres<\/a>, <a href=\"https:\/\/boucan.info\/index.php\/category\/ressources\/livres\/livres-adolescents\/\">Livres adolescents<\/a>, <a href=\"https:\/\/boucan.info\/index.php\/category\/ressources\/\">Ressources<\/a><\/p><\/div><\/div><\/div><div class=\"o-posts-grid-post-blog o-posts-grid-post-plain\"><div class=\"o-posts-grid-post\"><div class=\"o-posts-grid-post-image\"><a href=\"https:\/\/boucan.info\/index.php\/2023\/11\/01\/tu-nes-pas-obligee-ovidie-diglee-2022\/\"><img loading=\"lazy\" decoding=\"async\" width=\"280\" height=\"399\" src=\"https:\/\/boucan.info\/wp-content\/uploads\/2023\/10\/tu-n-es-pas-obligee.jpg\" class=\"attachment-full size-full\" alt=\"Tu n&rsquo;es pas oblig\u00e9e (Ovidie, Diglee, 2022)\" srcset=\"https:\/\/boucan.info\/wp-content\/uploads\/2023\/10\/tu-n-es-pas-obligee.jpg 280w, https:\/\/boucan.info\/wp-content\/uploads\/2023\/10\/tu-n-es-pas-obligee-211x300.jpg 211w\" sizes=\"(max-width: 280px) 100vw, 280px\" \/><\/a><\/div><div class=\"o-posts-grid-post-body\"><h4 class=\"o-posts-grid-post-title\"><a href=\"https:\/\/boucan.info\/index.php\/2023\/11\/01\/tu-nes-pas-obligee-ovidie-diglee-2022\/\">Tu n&rsquo;es pas oblig\u00e9e (Ovidie, Diglee, 2022)<\/a><\/h4><div class=\"o-posts-grid-post-description\"><p>Rapport au corps et aux normes de beaut\u00e9, rapport \u00e0 l\u2019autre et aux sexualit\u00e9s, codes de la pornograp\u2026<\/p><\/div><p class=\"o-posts-grid-post-meta\"> \/ <a href=\"https:\/\/boucan.info\/index.php\/category\/thematique\/corps\/\">Corps<\/a>, <a href=\"https:\/\/boucan.info\/index.php\/category\/thematique\/egalite\/\">\u00e9galit\u00e9<\/a>, <a href=\"https:\/\/boucan.info\/index.php\/category\/thematique\/emotions\/\">Emotions<\/a>, <a href=\"https:\/\/boucan.info\/index.php\/category\/ressources\/livres\/\">Livres<\/a>, <a href=\"https:\/\/boucan.info\/index.php\/category\/ressources\/livres\/livres-adolescents\/\">Livres adolescents<\/a>, <a href=\"https:\/\/boucan.info\/index.php\/category\/thematique\/sexualite\/\">sexualit\u00e9<\/a>, <a href=\"https:\/\/boucan.info\/index.php\/category\/thematique\/stereotypes\/\">st\u00e9r\u00e9otypes<\/a>, <a href=\"https:\/\/boucan.info\/index.php\/category\/thematique\/vilences\/\">Vi*lences sexistes et se*uelles<\/a><\/p><\/div><\/div><\/div><div class=\"o-posts-grid-post-blog o-posts-grid-post-plain\"><div class=\"o-posts-grid-post\"><div class=\"o-posts-grid-post-image\"><a href=\"https:\/\/boucan.info\/index.php\/2023\/11\/01\/nos-mutineries-blanche-sabbah-eve-cambreleng-2022\/\"><img loading=\"lazy\" decoding=\"async\" width=\"708\" height=\"1000\" src=\"https:\/\/boucan.info\/wp-content\/uploads\/2023\/10\/nos-mutineries-1.jpg\" class=\"attachment-full size-full\" alt=\"Nos mutineries (Blanche Sabbah, Eve Cambreleng, 2022)\" srcset=\"https:\/\/boucan.info\/wp-content\/uploads\/2023\/10\/nos-mutineries-1.jpg 708w, https:\/\/boucan.info\/wp-content\/uploads\/2023\/10\/nos-mutineries-1-212x300.jpg 212w\" sizes=\"(max-width: 708px) 100vw, 708px\" \/><\/a><\/div><div class=\"o-posts-grid-post-body\"><h4 class=\"o-posts-grid-post-title\"><a href=\"https:\/\/boucan.info\/index.php\/2023\/11\/01\/nos-mutineries-blanche-sabbah-eve-cambreleng-2022\/\">Nos mutineries (Blanche Sabbah, Eve Cambreleng, 2022)<\/a><\/h4><div class=\"o-posts-grid-post-description\"><p>Mutinerie, n.f. : se r\u00e9volter collectivement et ouvertement contre une autorit\u00e9 \u00e9tablie, un ordre in\u2026<\/p><\/div><p class=\"o-posts-grid-post-meta\"> \/ <a href=\"https:\/\/boucan.info\/index.php\/category\/thematique\/corps\/\">Corps<\/a>, <a href=\"https:\/\/boucan.info\/index.php\/category\/thematique\/egalite\/\">\u00e9galit\u00e9<\/a>, <a href=\"https:\/\/boucan.info\/index.php\/category\/thematique\/feminisme\/\">F\u00e9minisme<\/a>, <a href=\"https:\/\/boucan.info\/index.php\/category\/ressources\/livres\/\">Livres<\/a>, <a href=\"https:\/\/boucan.info\/index.php\/category\/ressources\/livres\/livres-adolescents\/\">Livres adolescents<\/a>, <a href=\"https:\/\/boucan.info\/index.php\/category\/ressources\/livres\/livres-adultes\/\">Livres adultes<\/a>, <a href=\"https:\/\/boucan.info\/index.php\/category\/thematique\/sexualite\/\">sexualit\u00e9<\/a>, <a href=\"https:\/\/boucan.info\/index.php\/category\/thematique\/stereotypes\/\">st\u00e9r\u00e9otypes<\/a>, <a href=\"https:\/\/boucan.info\/index.php\/category\/thematique\/vilences\/\">Vi*lences sexistes et se*uelles<\/a><\/p><\/div><\/div><\/div><div class=\"o-posts-grid-post-blog o-posts-grid-post-plain\"><div class=\"o-posts-grid-post\"><div class=\"o-posts-grid-post-image\"><a href=\"https:\/\/boucan.info\/index.php\/2023\/11\/01\/mythes-et-meufs-blanche-sabbah-2022\/\"><img loading=\"lazy\" decoding=\"async\" width=\"325\" height=\"332\" src=\"https:\/\/boucan.info\/wp-content\/uploads\/2023\/10\/mythes-et-meufs-1.jpg\" class=\"attachment-full size-full\" alt=\"Mythes et meufs (Blanche Sabbah, 2022)\" srcset=\"https:\/\/boucan.info\/wp-content\/uploads\/2023\/10\/mythes-et-meufs-1.jpg 325w, https:\/\/boucan.info\/wp-content\/uploads\/2023\/10\/mythes-et-meufs-1-294x300.jpg 294w\" sizes=\"(max-width: 325px) 100vw, 325px\" \/><\/a><\/div><div class=\"o-posts-grid-post-body\"><h4 class=\"o-posts-grid-post-title\"><a href=\"https:\/\/boucan.info\/index.php\/2023\/11\/01\/mythes-et-meufs-blanche-sabbah-2022\/\">Mythes et meufs (Blanche Sabbah, 2022)<\/a><\/h4><div class=\"o-posts-grid-post-description\"><p>Blanche Sabbah est une activiste f\u00e9ministe dipl\u00f4m\u00e9e en histoire de l&#039;art et en sociologie. Dans Myth\u2026<\/p><\/div><p class=\"o-posts-grid-post-meta\"> \/ <a href=\"https:\/\/boucan.info\/index.php\/category\/thematique\/egalite\/\">\u00e9galit\u00e9<\/a>, <a href=\"https:\/\/boucan.info\/index.php\/category\/thematique\/feminisme\/\">F\u00e9minisme<\/a>, <a href=\"https:\/\/boucan.info\/index.php\/category\/ressources\/livres\/\">Livres<\/a>, <a href=\"https:\/\/boucan.info\/index.php\/category\/ressources\/livres\/livres-adolescents\/\">Livres adolescents<\/a>, <a href=\"https:\/\/boucan.info\/index.php\/category\/ressources\/livres\/livres-adultes\/\">Livres adultes<\/a>, <a href=\"https:\/\/boucan.info\/index.php\/category\/thematique\/stereotypes\/\">st\u00e9r\u00e9otypes<\/a><\/p><\/div><\/div><\/div><div class=\"o-posts-grid-post-blog o-posts-grid-post-plain\"><div class=\"o-posts-grid-post\"><div class=\"o-posts-grid-post-image\"><a href=\"https:\/\/boucan.info\/index.php\/2023\/11\/01\/clit-revolution-manuel-dactivisme-feministe-sarah-constantin-elvire-duvelle-charles-2023\/\"><img loading=\"lazy\" decoding=\"async\" width=\"674\" height=\"1000\" src=\"https:\/\/boucan.info\/wp-content\/uploads\/2023\/10\/clit-revolution.jpg\" class=\"attachment-full size-full\" alt=\"Clit R\u00e9volution, Manuel d&rsquo;activisme f\u00e9ministe (Sarah Constantin, Elvire Duvelle-Charles, 2023)\" srcset=\"https:\/\/boucan.info\/wp-content\/uploads\/2023\/10\/clit-revolution.jpg 674w, https:\/\/boucan.info\/wp-content\/uploads\/2023\/10\/clit-revolution-202x300.jpg 202w\" sizes=\"(max-width: 674px) 100vw, 674px\" \/><\/a><\/div><div class=\"o-posts-grid-post-body\"><h4 class=\"o-posts-grid-post-title\"><a href=\"https:\/\/boucan.info\/index.php\/2023\/11\/01\/clit-revolution-manuel-dactivisme-feministe-sarah-constantin-elvire-duvelle-charles-2023\/\">Clit R\u00e9volution, Manuel d&rsquo;activisme f\u00e9ministe (Sarah Constantin, Elvire Duvelle-Charles, 2023)<\/a><\/h4><div class=\"o-posts-grid-post-description\"><p>Un manuel indispensable \u00e0 toutes celles et ceux qui cherchent \u00e0 agir pour l&#039;\u00e9galit\u00e9\n\u00ab Je suis f\u00e9mini\u2026<\/p><\/div><p class=\"o-posts-grid-post-meta\"> \/ <a href=\"https:\/\/boucan.info\/index.php\/category\/thematique\/feminisme\/\">F\u00e9minisme<\/a>, <a href=\"https:\/\/boucan.info\/index.php\/category\/ressources\/livres\/\">Livres<\/a>, <a href=\"https:\/\/boucan.info\/index.php\/category\/ressources\/livres\/livres-adolescents\/\">Livres adolescents<\/a>, <a href=\"https:\/\/boucan.info\/index.php\/category\/ressources\/livres\/livres-adultes\/\">Livres adultes<\/a><\/p><\/div><\/div><\/div><div class=\"o-posts-grid-post-blog o-posts-grid-post-plain\"><div class=\"o-posts-grid-post\"><div class=\"o-posts-grid-post-image\"><a href=\"https:\/\/boucan.info\/index.php\/2023\/11\/01\/cher-corps-lea-bodier-collectif-2019\/\"><img loading=\"lazy\" decoding=\"async\" width=\"195\" height=\"259\" src=\"https:\/\/boucan.info\/wp-content\/uploads\/2023\/10\/cher-corps-2.jpg\" class=\"attachment-full size-full\" alt=\"Cher corps (L\u00e9a Bodier, Collectif, 2019)\" \/><\/a><\/div><div class=\"o-posts-grid-post-body\"><h4 class=\"o-posts-grid-post-title\"><a href=\"https:\/\/boucan.info\/index.php\/2023\/11\/01\/cher-corps-lea-bodier-collectif-2019\/\">Cher corps (L\u00e9a Bodier, Collectif, 2019)<\/a><\/h4><div class=\"o-posts-grid-post-description\"><p>Cette p\u00e9pite, adapt\u00e9e de la s\u00e9rie Cher Corps de la cha\u00eene YouTube de L\u00e9a Bordier, pr\u00e9sente 12 t\u00e9moig\u2026<\/p><\/div><p class=\"o-posts-grid-post-meta\"> \/ <a href=\"https:\/\/boucan.info\/index.php\/category\/thematique\/corps\/\">Corps<\/a>, <a href=\"https:\/\/boucan.info\/index.php\/category\/thematique\/egalite\/\">\u00e9galit\u00e9<\/a>, <a href=\"https:\/\/boucan.info\/index.php\/category\/thematique\/emotions\/\">Emotions<\/a>, <a href=\"https:\/\/boucan.info\/index.php\/category\/thematique\/feminisme\/\">F\u00e9minisme<\/a>, <a href=\"https:\/\/boucan.info\/index.php\/category\/thematique\/grossophobie\/\">grossophobie<\/a>, <a href=\"https:\/\/boucan.info\/index.php\/category\/thematique\/identite\/\">identit\u00e9<\/a>, <a href=\"https:\/\/boucan.info\/index.php\/category\/ressources\/livres\/\">Livres<\/a>, <a href=\"https:\/\/boucan.info\/index.php\/category\/ressources\/livres\/livres-adolescents\/\">Livres adolescents<\/a>, <a href=\"https:\/\/boucan.info\/index.php\/category\/ressources\/livres\/livres-adultes\/\">Livres adultes<\/a>, <a href=\"https:\/\/boucan.info\/index.php\/category\/thematique\/sante\/\">sant\u00e9<\/a>, <a href=\"https:\/\/boucan.info\/index.php\/category\/thematique\/sexualite\/\">sexualit\u00e9<\/a>, <a href=\"https:\/\/boucan.info\/index.php\/category\/thematique\/stereotypes\/\">st\u00e9r\u00e9otypes<\/a>, <a href=\"https:\/\/boucan.info\/index.php\/category\/thematique\/vilences\/\">Vi*lences sexistes et se*uelles<\/a><\/p><\/div><\/div><\/div><div class=\"o-posts-grid-post-blog o-posts-grid-post-plain\"><div class=\"o-posts-grid-post\"><div class=\"o-posts-grid-post-image\"><a href=\"https:\/\/boucan.info\/index.php\/2023\/11\/01\/je-suis-qui-je-suis-quoi-jean-michel-billioud-et-sophie-nanteuil-2019\/\"><img loading=\"lazy\" decoding=\"async\" width=\"339\" height=\"456\" src=\"https:\/\/boucan.info\/wp-content\/uploads\/2023\/10\/je-suis-qui-je-suis-quoi-1.jpg\" class=\"attachment-full size-full\" alt=\"Je suis qui, je suis quoi ? (Jean-Michel Billioud et Sophie Nanteuil, 2019)\" srcset=\"https:\/\/boucan.info\/wp-content\/uploads\/2023\/10\/je-suis-qui-je-suis-quoi-1.jpg 339w, https:\/\/boucan.info\/wp-content\/uploads\/2023\/10\/je-suis-qui-je-suis-quoi-1-223x300.jpg 223w\" sizes=\"(max-width: 339px) 100vw, 339px\" \/><\/a><\/div><div class=\"o-posts-grid-post-body\"><h4 class=\"o-posts-grid-post-title\"><a href=\"https:\/\/boucan.info\/index.php\/2023\/11\/01\/je-suis-qui-je-suis-quoi-jean-michel-billioud-et-sophie-nanteuil-2019\/\">Je suis qui, je suis quoi ? (Jean-Michel Billioud et Sophie Nanteuil, 2019)<\/a><\/h4><div class=\"o-posts-grid-post-description\"><p>Le premier livre sur l\u2019identit\u00e9 sexuelle destin\u00e9 aux ados<\/p><\/div><p class=\"o-posts-grid-post-meta\"> \/ <a href=\"https:\/\/boucan.info\/index.php\/category\/thematique\/corps\/\">Corps<\/a>, <a href=\"https:\/\/boucan.info\/index.php\/category\/thematique\/emotions\/\">Emotions<\/a>, <a href=\"https:\/\/boucan.info\/index.php\/category\/thematique\/identite\/\">identit\u00e9<\/a>, <a href=\"https:\/\/boucan.info\/index.php\/category\/ressources\/livres\/\">Livres<\/a>, <a href=\"https:\/\/boucan.info\/index.php\/category\/ressources\/livres\/livres-adolescents\/\">Livres adolescents<\/a>, <a href=\"https:\/\/boucan.info\/index.php\/category\/ressources\/\">Ressources<\/a>, <a href=\"https:\/\/boucan.info\/index.php\/category\/thematique\/sexualite\/\">sexualit\u00e9<\/a><\/p><\/div><\/div><\/div><div class=\"o-posts-grid-post-blog o-posts-grid-post-plain\"><div class=\"o-posts-grid-post\"><div class=\"o-posts-grid-post-image\"><a href=\"https:\/\/boucan.info\/index.php\/2023\/11\/01\/appelez-moi-nathan-quentin-zuitton-2018\/\"><img loading=\"lazy\" decoding=\"async\" width=\"629\" height=\"1000\" src=\"https:\/\/boucan.info\/wp-content\/uploads\/2023\/10\/appelez-moi-nathan-1.jpg\" class=\"attachment-full size-full\" alt=\"Appelez-moi Nathan (Quentin ZuTTIon, 2018)\" srcset=\"https:\/\/boucan.info\/wp-content\/uploads\/2023\/10\/appelez-moi-nathan-1.jpg 629w, https:\/\/boucan.info\/wp-content\/uploads\/2023\/10\/appelez-moi-nathan-1-189x300.jpg 189w\" sizes=\"(max-width: 629px) 100vw, 629px\" \/><\/a><\/div><div class=\"o-posts-grid-post-body\"><h4 class=\"o-posts-grid-post-title\"><a href=\"https:\/\/boucan.info\/index.php\/2023\/11\/01\/appelez-moi-nathan-quentin-zuitton-2018\/\">Appelez-moi Nathan (Quentin ZuTTIon, 2018)<\/a><\/h4><div class=\"o-posts-grid-post-description\"><p>&quot;Appelez-moi Nathan&quot; raconte avec pudeur et brio le parcours d&#039;un adolescent transgenre.<\/p><\/div><p class=\"o-posts-grid-post-meta\"> \/ <a href=\"https:\/\/boucan.info\/index.php\/category\/thematique\/corps\/\">Corps<\/a>, <a href=\"https:\/\/boucan.info\/index.php\/category\/thematique\/identite\/\">identit\u00e9<\/a>, <a href=\"https:\/\/boucan.info\/index.php\/category\/ressources\/livres\/\">Livres<\/a>, <a href=\"https:\/\/boucan.info\/index.php\/category\/ressources\/livres\/livres-adolescents\/\">Livres adolescents<\/a>, <a href=\"https:\/\/boucan.info\/index.php\/category\/ressources\/livres\/livres-adultes\/\">Livres adultes<\/a>, <a href=\"https:\/\/boucan.info\/index.php\/category\/ressources\/\">Ressources<\/a>, <a href=\"https:\/\/boucan.info\/index.php\/category\/thematique\/stereotypes\/\">st\u00e9r\u00e9otypes<\/a><\/p><\/div><\/div><\/div><div class=\"o-posts-grid-post-blog o-posts-grid-post-plain\"><div class=\"o-posts-grid-post\"><div class=\"o-posts-grid-post-image\"><a href=\"https:\/\/boucan.info\/index.php\/2023\/11\/01\/je-suis-camille-jean-loup-felicioli-2019\/\"><img loading=\"lazy\" decoding=\"async\" width=\"347\" height=\"478\" src=\"https:\/\/boucan.info\/wp-content\/uploads\/2023\/10\/je-suis-camille-1.jpg\" class=\"attachment-full size-full\" alt=\"Je suis camille (Jean-Loup Felicioli, 2019)\" srcset=\"https:\/\/boucan.info\/wp-content\/uploads\/2023\/10\/je-suis-camille-1.jpg 347w, https:\/\/boucan.info\/wp-content\/uploads\/2023\/10\/je-suis-camille-1-218x300.jpg 218w\" sizes=\"(max-width: 347px) 100vw, 347px\" \/><\/a><\/div><div class=\"o-posts-grid-post-body\"><h4 class=\"o-posts-grid-post-title\"><a href=\"https:\/\/boucan.info\/index.php\/2023\/11\/01\/je-suis-camille-jean-loup-felicioli-2019\/\">Je suis camille (Jean-Loup Felicioli, 2019)<\/a><\/h4><div class=\"o-posts-grid-post-description\"><p>L\u2019histoire d\u2019une petite fille n\u00e9e avec un corps de gar\u00e7on. Un album \u00e9mouvant et n\u00e9cessaire.<\/p><\/div><p class=\"o-posts-grid-post-meta\"> \/ <a href=\"https:\/\/boucan.info\/index.php\/category\/thematique\/corps\/\">Corps<\/a>, <a href=\"https:\/\/boucan.info\/index.php\/category\/thematique\/emotions\/\">Emotions<\/a>, <a href=\"https:\/\/boucan.info\/index.php\/category\/ressources\/livres\/\">Livres<\/a>, <a href=\"https:\/\/boucan.info\/index.php\/category\/ressources\/livres\/livres-adolescents\/\">Livres adolescents<\/a>, <a href=\"https:\/\/boucan.info\/index.php\/category\/ressources\/livres\/livres-enfants\/livres-corps\/\">Livres corps<\/a>, <a href=\"https:\/\/boucan.info\/index.php\/category\/ressources\/livres\/livres-enfants\/\">Livres enfants<\/a>, <a href=\"https:\/\/boucan.info\/index.php\/category\/ressources\/\">Ressources<\/a><\/p><\/div><\/div><\/div><\/div> <\/div><\/div><\/div>\n\n\n\n<hr class=\"wp-block-separator has-alpha-channel-opacity\"\/>\n","protected":false},"excerpt":{"rendered":"","protected":false},"author":4,"featured_media":0,"parent":347,"menu_order":2,"comment_status":"closed","ping_status":"closed","template":"","meta":{"neve_meta_sidebar":"","neve_meta_container":"","neve_meta_enable_content_width":"","neve_meta_content_width":0,"neve_meta_title_alignment":"","neve_meta_author_avatar":"","neve_post_elements_order":"","neve_meta_disable_header":"","neve_meta_disable_footer":"","neve_meta_disable_title":"","_themeisle_gutenberg_block_has_review":false,"footnotes":""},"class_list":["post-196","page","type-page","status-publish","hentry"],"_links":{"self":[{"href":"https:\/\/boucan.info\/index.php\/wp-json\/wp\/v2\/pages\/196","targetHints":{"allow":["GET"]}}],"collection":[{"href":"https:\/\/boucan.info\/index.php\/wp-json\/wp\/v2\/pages"}],"about":[{"href":"https:\/\/boucan.info\/index.php\/wp-json\/wp\/v2\/types\/page"}],"author":[{"embeddable":true,"href":"https:\/\/boucan.info\/index.php\/wp-json\/wp\/v2\/users\/4"}],"replies":[{"embeddable":true,"href":"https:\/\/boucan.info\/index.php\/wp-json\/wp\/v2\/comments?post=196"}],"version-history":[{"count":5,"href":"https:\/\/boucan.info\/index.php\/wp-json\/wp\/v2\/pages\/196\/revisions"}],"predecessor-version":[{"id":990,"href":"https:\/\/boucan.info\/index.php\/wp-json\/wp\/v2\/pages\/196\/revisions\/990"}],"up":[{"embeddable":true,"href":"https:\/\/boucan.info\/index.php\/wp-json\/wp\/v2\/pages\/347"}],"wp:attachment":[{"href":"https:\/\/boucan.info\/index.php\/wp-json\/wp\/v2\/media?parent=196"}],"curies":[{"name":"wp","href":"https:\/\/api.w.org\/{rel}","templated":true}]}}